{"id":2,"date":"2015-08-31T15:32:35","date_gmt":"2015-08-31T15:32:35","guid":{"rendered":"http:\/\/eyes-k.photo\/?page_id=2"},"modified":"2025-02-22T10:42:52","modified_gmt":"2025-02-22T10:42:52","slug":"sample-page","status":"publish","type":"page","link":"https:\/\/eyes-k.photo\/index.php\/sample-page\/","title":{"rendered":"\u00c0 PROPOS"},"content":{"rendered":"<div id=\"pl-2\"  class=\"panel-layout\" ><div id=\"pg-2-0\"  class=\"panel-grid panel-no-style\" ><div id=\"pgc-2-0-0\"  class=\"panel-grid-cell\" ><div id=\"panel-2-0-0-0\" class=\"so-panel widget widget_sow-image panel-first-child panel-last-child\" data-index=\"0\" ><div\n\t\t\t\n\t\t\tclass=\"so-widget-sow-image so-widget-sow-image-default-c67d20f9f743-2\"\n\t\t\t\n\t\t>\n<div class=\"sow-image-container\">\n\t\t<img \n\tsrc=\"https:\/\/eyes-k.photo\/wp-content\/uploads\/2023\/10\/IMG_9695-300x264.jpg\" width=\"300\" height=\"264\" alt=\"\" \t\tclass=\"so-widget-image\"\/>\n\t<\/div>\n\n<\/div><\/div><\/div><\/div><div id=\"pg-2-1\"  class=\"panel-grid panel-has-style\" ><div class=\"panel-row-style panel-row-style-for-2-1\" ><div id=\"pgc-2-1-0\"  class=\"panel-grid-cell panel-grid-cell-empty\" ><\/div><div id=\"pgc-2-1-1\"  class=\"panel-grid-cell panel-grid-cell-mobile-last\" ><div id=\"panel-2-1-1-0\" class=\"so-panel widget widget_sow-editor panel-first-child panel-last-child\" data-index=\"1\" ><div class=\"panel-widget-style panel-widget-style-for-2-1-1-0\" ><div\n\t\t\t\n\t\t\tclass=\"so-widget-sow-editor so-widget-sow-editor-base\"\n\t\t\t\n\t\t>\n<div class=\"siteorigin-widget-tinymce textwidget\">\n\t<h6 style=\"color: #fff; text-align: center; font-size: 12px; padding-bottom: 10px; padding-top: 50px;\">\u2014 <i>Qui suis-je ?<\/i> \u2014<\/h6>\n<h2 style=\"font-family: 'Lustria', serif; text-align: center; font-size: 22px; line-height: 18px;\">KATIA CORDOVA<\/h2>\n<p>&nbsp;<\/p>\n<p style=\"font-family: 'Lato', sans-serif; text-align: justify; font-size: 16px; line-height: 22px;\">Historienne de l\u2019art de formation en compl\u00e9ment d\u2019une sp\u00e9cialisation en iconographie, toujours aux aguets, le regard aiguis\u00e9, la plume \u00e0 la main, je suis une sorte de couteau suisse de l\u2019image.<\/p>\n<p style=\"font-family: 'Lato', sans-serif; text-align: justify; font-size: 16px; line-height: 22px;\">Forte d\u2019une exp\u00e9rience de 5 ans en tant que documentaliste image \u00e0 l\u2019agence photographique de la R\u00e9union des Mus\u00e9es Nationaux - Grand Palais (RMN-GP), je collabore depuis plus de 8 ans avec des partenaires culturels et autres en tant qu\u2019ind\u00e9pendante.<\/p>\n<p style=\"font-family: 'Lato', sans-serif; text-align: justify; font-size: 14px; line-height: 22px; padding-bottom: 100px;\"><i>Les CAUE de Haute-Savoie et de Rh\u00f4ne M\u00e9tropole, la RMN-GP, Focus num\u00e9rique, la RATP, la Biennale de Lyon\u00a0ou derni\u00e8rement Paris Mus\u00e9es m\u2019accordent leur confiance.<\/i><\/p>\n<\/div>\n<\/div><\/div><\/div><\/div><div id=\"pgc-2-1-2\"  class=\"panel-grid-cell panel-grid-cell-empty\" ><\/div><\/div><\/div><\/div>","protected":false},"excerpt":{"rendered":"<p>\u2014 Qui suis-je ? \u2014 KATIA CORDOVA &nbsp; Historienne de l\u2019art de formation en compl\u00e9ment d\u2019une sp\u00e9cialisation en iconographie, toujours aux aguets, le regard aiguis\u00e9, la plume \u00e0 la main, je suis une sorte de couteau suisse de l\u2019image. Forte [&hellip;]<\/p>\n","protected":false},"author":1,"featured_media":1307,"parent":0,"menu_order":0,"comment_status":"closed","ping_status":"closed","template":"","meta":{"footnotes":""},"class_list":["post-2","page","type-page","status-publish","has-post-thumbnail","hentry"],"_links":{"self":[{"href":"https:\/\/eyes-k.photo\/index.php\/wp-json\/wp\/v2\/pages\/2","targetHints":{"allow":["GET"]}}],"collection":[{"href":"https:\/\/eyes-k.photo\/index.php\/wp-json\/wp\/v2\/pages"}],"about":[{"href":"https:\/\/eyes-k.photo\/index.php\/wp-json\/wp\/v2\/types\/page"}],"author":[{"embeddable":true,"href":"https:\/\/eyes-k.photo\/index.php\/wp-json\/wp\/v2\/users\/1"}],"replies":[{"embeddable":true,"href":"https:\/\/eyes-k.photo\/index.php\/wp-json\/wp\/v2\/comments?post=2"}],"version-history":[{"count":44,"href":"https:\/\/eyes-k.photo\/index.php\/wp-json\/wp\/v2\/pages\/2\/revisions"}],"predecessor-version":[{"id":1336,"href":"https:\/\/eyes-k.photo\/index.php\/wp-json\/wp\/v2\/pages\/2\/revisions\/1336"}],"wp:featuredmedia":[{"embeddable":true,"href":"https:\/\/eyes-k.photo\/index.php\/wp-json\/wp\/v2\/media\/1307"}],"wp:attachment":[{"href":"https:\/\/eyes-k.photo\/index.php\/wp-json\/wp\/v2\/media?parent=2"}],"curies":[{"name":"wp","href":"https:\/\/api.w.org\/{rel}","templated":true}]}}